{"id":13260,"date":"2023-05-22T07:28:11","date_gmt":"2023-05-22T07:28:11","guid":{"rendered":"https:\/\/sierravillas.es\/die-lage\/"},"modified":"2026-04-02T12:51:24","modified_gmt":"2026-04-02T12:51:24","slug":"die-lage","status":"publish","type":"page","link":"https:\/\/sierravillas.es\/de\/die-lage\/","title":{"rendered":"Die Lage"},"content":{"rendered":"\t\t<div data-elementor-type=\"wp-page\" data-elementor-id=\"13260\" class=\"elementor elementor-13260 elementor-8113\">\n\t\t\t\t\t\t<section class=\"elementor-section elementor-top-section elementor-element elementor-element-70ffe14 elementor-section-boxed elementor-section-height-default elementor-section-height-default\" data-id=\"70ffe14\" data-element_type=\"section\" data-settings=\"{&quot;background_background&quot;:&quot;classic&quot;}\">\n\t\t\t\t\t\t<div class=\"elementor-container elementor-column-gap-default\">\n\t\t\t\t\t<div class=\"elementor-column elementor-col-100 elementor-top-column elementor-element elementor-element-2826aaa\" data-id=\"2826aaa\" data-element_type=\"column\">\n\t\t\t<div class=\"elementor-widget-wrap elementor-element-populated\">\n\t\t\t\t\t\t<div class=\"elementor-element elementor-element-73d6d0f elementor-widget elementor-widget-heading\" data-id=\"73d6d0f\" data-element_type=\"widget\" data-widget_type=\"heading.default\">\n\t\t\t\t<div class=\"elementor-widget-container\">\n\t\t\t\t\t<h2 class=\"elementor-heading-title elementor-size-default\">Die Lage<\/h2>\t\t\t\t<\/div>\n\t\t\t\t<\/div>\n\t\t\t\t\t<\/div>\n\t\t<\/div>\n\t\t\t\t\t<\/div>\n\t\t<\/section>\n\t\t\t\t<section class=\"elementor-section elementor-top-section elementor-element elementor-element-262924b elementor-section-boxed elementor-section-height-default elementor-section-height-default\" data-id=\"262924b\" data-element_type=\"section\">\n\t\t\t\t\t\t<div class=\"elementor-container elementor-column-gap-default\">\n\t\t\t\t\t<div class=\"elementor-column elementor-col-50 elementor-top-column elementor-element elementor-element-a53e6dd\" data-id=\"a53e6dd\" data-element_type=\"column\">\n\t\t\t<div class=\"elementor-widget-wrap elementor-element-populated\">\n\t\t\t\t\t\t<div class=\"elementor-element elementor-element-5105b2b elementor-widget elementor-widget-heading\" data-id=\"5105b2b\" data-element_type=\"widget\" data-widget_type=\"heading.default\">\n\t\t\t\t<div class=\"elementor-widget-container\">\n\t\t\t\t\t<h2 class=\"elementor-heading-title elementor-size-default\">andalusie\n<\/h2>\t\t\t\t<\/div>\n\t\t\t\t<\/div>\n\t\t\t\t<div class=\"elementor-element elementor-element-cdb0664 elementor-widget elementor-widget-text-editor\" data-id=\"cdb0664\" data-element_type=\"widget\" data-widget_type=\"text-editor.default\">\n\t\t\t\t<div class=\"elementor-widget-container\">\n\t\t\t\t\t\t\t\t\t<div><p>Sie reisen nach Andalusien vor allem f\u00fcr das ausgezeichnete lokale Essen und die sonnigen Tage. Die St\u00e4dte hier r\u00fchmen sich eines beeindruckenden kulturellen Erbes, darunter mehrerer UNESCO-Welterbest\u00e4tten. Sie k\u00f6nnten sich f\u00fcr Orte wie die Puente Nuevo in Ronda, den Alc\u00e1zar in Sevilla und die Alhambra in Granada interessieren.<\/p><p>Ein weiterer gro\u00dfer Anziehungspunkt f\u00fcr Ihren Urlaub hier k\u00f6nnte das lebhafte Nachtleben in Bars, eine Vielzahl von Museen und Galerien sowie zahlreiche Wasser- und Themenparks sein. Zu den sch\u00f6nsten Str\u00e4nden geh\u00f6ren Playa Bolonia in der N\u00e4he von C\u00e1diz, Playa del Ca\u00f1uelo bei Nerja und Playa de los Muertos in der N\u00e4he von Almer\u00eda. Wenn Sie die Umgebung erkunden m\u00f6chten, sollten Sie die abgelegenen Alpujarras mit ihren Ausblicken auf die Berge abseits ausgetretener Pfade nicht verpassen.<\/p><p>Es ist auch erw\u00e4hnenswert, durch die Gassen der klassischen wei\u00dfen D\u00f6rfer wie Frigiliana und Mijas Pueblo zu spazieren. Nicht zuletzt k\u00f6nnen Sie Ihren Ausflug durch einen Besuch der H\u00f6hlend\u00f6rfer von Setenil de las Bodegas erg\u00e4nzen.\u00a0<span style=\"text-decoration: underline;\"><strong><a href=\"https:\/\/www.google.com\/maps\/d\/viewer?mid=127_goejNFCFJYKvhbyI0blid8Z-MUb8&amp;ll=37.41959849480872%2C-5.2568882976562525&amp;z=9\">ANDALUSIE<\/a><\/strong><\/span><\/p><\/div>\t\t\t\t\t\t\t\t<\/div>\n\t\t\t\t<\/div>\n\t\t\t\t\t<\/div>\n\t\t<\/div>\n\t\t\t\t<div class=\"elementor-column elementor-col-50 elementor-top-column elementor-element elementor-element-fa00b6f\" data-id=\"fa00b6f\" data-element_type=\"column\">\n\t\t\t<div class=\"elementor-widget-wrap elementor-element-populated\">\n\t\t\t\t\t\t<div class=\"elementor-element elementor-element-3953479 elementor-widget elementor-widget-image\" data-id=\"3953479\" data-element_type=\"widget\" data-widget_type=\"image.default\">\n\t\t\t\t<div class=\"elementor-widget-container\">\n\t\t\t\t\t\t\t\t\t\t\t\t\t\t\t<img fetchpriority=\"high\" decoding=\"async\" width=\"1024\" height=\"576\" src=\"https:\/\/sierravillas.es\/wp-content\/uploads\/2023\/09\/Andalusie-min-1024x576.webp\" class=\"attachment-large size-large wp-image-12911\" alt=\"\" srcset=\"https:\/\/sierravillas.es\/wp-content\/uploads\/2023\/09\/Andalusie-min-1024x576.webp 1024w, https:\/\/sierravillas.es\/wp-content\/uploads\/2023\/09\/Andalusie-min-1536x864.webp 1536w, https:\/\/sierravillas.es\/wp-content\/uploads\/2023\/09\/Andalusie-min-2048x1152.webp 2048w\" sizes=\"(max-width: 1024px) 100vw, 1024px\" \/>\t\t\t\t\t\t\t\t\t\t\t\t\t\t\t<\/div>\n\t\t\t\t<\/div>\n\t\t\t\t\t<\/div>\n\t\t<\/div>\n\t\t\t\t\t<\/div>\n\t\t<\/section>\n\t\t\t\t<section class=\"elementor-section elementor-top-section elementor-element elementor-element-d557c7c elementor-section-boxed elementor-section-height-default elementor-section-height-default\" data-id=\"d557c7c\" data-element_type=\"section\">\n\t\t\t\t\t\t<div class=\"elementor-container elementor-column-gap-default\">\n\t\t\t\t\t<div class=\"elementor-column elementor-col-50 elementor-top-column elementor-element elementor-element-0b45ceb\" data-id=\"0b45ceb\" data-element_type=\"column\">\n\t\t\t<div class=\"elementor-widget-wrap elementor-element-populated\">\n\t\t\t\t\t\t<div class=\"elementor-element elementor-element-a2087d2 elementor-widget elementor-widget-image\" data-id=\"a2087d2\" data-element_type=\"widget\" data-widget_type=\"image.default\">\n\t\t\t\t<div class=\"elementor-widget-container\">\n\t\t\t\t\t\t\t\t\t\t\t\t\t\t\t<img decoding=\"async\" width=\"1024\" height=\"576\" src=\"https:\/\/sierravillas.es\/wp-content\/uploads\/2023\/09\/Mojacar-min-1024x576.webp\" class=\"attachment-large size-large wp-image-12914\" alt=\"\" srcset=\"https:\/\/sierravillas.es\/wp-content\/uploads\/2023\/09\/Mojacar-min-scaled-e1694505963210.webp 1024w, https:\/\/sierravillas.es\/wp-content\/uploads\/2023\/09\/Mojacar-min-scaled-e1694505963210-300x169.webp 300w, https:\/\/sierravillas.es\/wp-content\/uploads\/2023\/09\/Mojacar-min-scaled-e1694505963210-768x432.webp 768w, https:\/\/sierravillas.es\/wp-content\/uploads\/2023\/09\/Mojacar-min-1536x864.webp 1536w, https:\/\/sierravillas.es\/wp-content\/uploads\/2023\/09\/Mojacar-min-2048x1152.webp 2048w\" sizes=\"(max-width: 1024px) 100vw, 1024px\" \/>\t\t\t\t\t\t\t\t\t\t\t\t\t\t\t<\/div>\n\t\t\t\t<\/div>\n\t\t\t\t\t<\/div>\n\t\t<\/div>\n\t\t\t\t<div class=\"elementor-column elementor-col-50 elementor-top-column elementor-element elementor-element-a053bd0\" data-id=\"a053bd0\" data-element_type=\"column\">\n\t\t\t<div class=\"elementor-widget-wrap elementor-element-populated\">\n\t\t\t\t\t\t<div class=\"elementor-element elementor-element-6e7bec3 elementor-widget elementor-widget-heading\" data-id=\"6e7bec3\" data-element_type=\"widget\" data-widget_type=\"heading.default\">\n\t\t\t\t<div class=\"elementor-widget-container\">\n\t\t\t\t\t<h2 class=\"elementor-heading-title elementor-size-default\">mojac\u00e1r<\/h2>\t\t\t\t<\/div>\n\t\t\t\t<\/div>\n\t\t\t\t<div class=\"elementor-element elementor-element-3b0a47e elementor-widget elementor-widget-text-editor\" data-id=\"3b0a47e\" data-element_type=\"widget\" data-widget_type=\"text-editor.default\">\n\t\t\t\t<div class=\"elementor-widget-container\">\n\t\t\t\t\t\t\t\t\t<p>Moj\u00e1car geh\u00f6rt zu den reizvollsten Orten an der Costa C\u00e1lida. Die historische Stadt auf einem H\u00fcgel entf\u00fchrt Sie mehrere Jahrhunderte zur\u00fcck. Es gibt viele Sandstr\u00e4nde, die zum Entspannen und Baden einladen. Moj\u00e1car liegt direkt am Mittelmeer zwischen den St\u00e4dten Garrucha im Norden und Carboneras im S\u00fcden.   <\/p><p><br>Auch das Dorf auf dem H\u00fcgel ist einen Besuch wert und verr\u00e4t seine arabische Herkunft nicht. Hier erwartet Sie die Kirche der Jungfrau Maria, erbaut im Jahr 1560, wahrscheinlich an der Stelle einer ehemaligen Moschee. Sie erinnert an eine Festung und diente auch als solche in jener Zeit. Vor der Kirche steht die &#8222;La Mojaquera&#8220; aus wei\u00dfem Marmor in der traditionellen Tracht der Region. An verschiedenen Stellen werden Sie auch auf die Figur des &#8222;Indalo&#8220; treffen. In alten Zeiten (wie H\u00f6hlenmalereien best\u00e4tigen) schm\u00fcckte er lokale H\u00e4user und diente als Schutz vor Verfluchungen und Blitzen. Heute ist er das Symbol von Moj\u00e1car. Er bringt Gl\u00fcck und Wohlstand jedem, der ihn tr\u00e4gt, und symbolisiert auch \u00dcberfluss und Frieden.       <\/p>\t\t\t\t\t\t\t\t<\/div>\n\t\t\t\t<\/div>\n\t\t\t\t\t<\/div>\n\t\t<\/div>\n\t\t\t\t\t<\/div>\n\t\t<\/section>\n\t\t\t\t<section class=\"elementor-section elementor-top-section elementor-element elementor-element-73a5a2e elementor-section-boxed elementor-section-height-default elementor-section-height-default\" data-id=\"73a5a2e\" data-element_type=\"section\">\n\t\t\t\t\t\t<div class=\"elementor-container elementor-column-gap-default\">\n\t\t\t\t\t<div class=\"elementor-column elementor-col-50 elementor-top-column elementor-element elementor-element-49c08a7\" data-id=\"49c08a7\" data-element_type=\"column\">\n\t\t\t<div class=\"elementor-widget-wrap elementor-element-populated\">\n\t\t\t\t\t\t<div class=\"elementor-element elementor-element-acd46d4 elementor-widget elementor-widget-heading\" data-id=\"acd46d4\" data-element_type=\"widget\" data-widget_type=\"heading.default\">\n\t\t\t\t<div class=\"elementor-widget-container\">\n\t\t\t\t\t<h2 class=\"elementor-heading-title elementor-size-default\">GIBRALTAR\n<\/h2>\t\t\t\t<\/div>\n\t\t\t\t<\/div>\n\t\t\t\t<div class=\"elementor-element elementor-element-b016cb3 elementor-widget elementor-widget-text-editor\" data-id=\"b016cb3\" data-element_type=\"widget\" data-widget_type=\"text-editor.default\">\n\t\t\t\t<div class=\"elementor-widget-container\">\n\t\t\t\t\t\t\t\t\t<p data-start=\"0\" data-end=\"276\">Gibraltar ist ein Ort, an dem Europa Afrika beinahe ber\u00fchrt und sich britische Eleganz mit spanischem Temperament verbindet. Das Wahrzeichen ist der monumentale Felsen von Gibraltar, der sich hoch \u00fcber dem Meer erhebt und seit Jahrhunderten den Eingang zum Mittelmeer bewacht.<\/p><p data-start=\"278\" data-end=\"547\">Auf nur wenigen Quadratkilometern erleben Sie eine einzigartige Atmosph\u00e4re \u2013 von historischen Tunneln, die zur Verteidigung des Gebiets gebaut wurden, bis hin zu atemberaubenden Aussichtspunkten, von denen aus man bei klarem Wetter die afrikanische K\u00fcste erkennen kann.<\/p><p data-start=\"549\" data-end=\"746\">Ein unvergessliches Erlebnis sind auch die frei lebenden Affen \u2013 die einzigen in Europa \u2013, die sich direkt unter den Besuchern bewegen und diesem Ort einen v\u00f6llig einzigartigen Charakter verleihen.<\/p><p data-start=\"748\" data-end=\"985\" data-is-last-node=\"\" data-is-only-node=\"\">Die Entfernung von Sierra Villas betr\u00e4gt etwa 410 km. Gibraltar ist ein ideales Ziel f\u00fcr einen Tagesausflug und bietet eine Kombination aus Natur, Geschichte und einer au\u00dfergew\u00f6hnlichen Atmosph\u00e4re an der Grenze zwischen zwei Kontinenten.<\/p>\t\t\t\t\t\t\t\t<\/div>\n\t\t\t\t<\/div>\n\t\t\t\t\t<\/div>\n\t\t<\/div>\n\t\t\t\t<div class=\"elementor-column elementor-col-50 elementor-top-column elementor-element elementor-element-9486852\" data-id=\"9486852\" data-element_type=\"column\">\n\t\t\t<div class=\"elementor-widget-wrap elementor-element-populated\">\n\t\t\t\t\t\t<div class=\"elementor-element elementor-element-a9a6fb5 elementor-widget elementor-widget-image\" data-id=\"a9a6fb5\" data-element_type=\"widget\" data-widget_type=\"image.default\">\n\t\t\t\t<div class=\"elementor-widget-container\">\n\t\t\t\t\t\t\t\t\t\t\t\t\t\t\t<img decoding=\"async\" width=\"721\" height=\"240\" src=\"https:\/\/sierravillas.es\/wp-content\/uploads\/2026\/03\/240_F_218903532_9RFBeBOv2TUvXSwbkgXwFcGw0wlLAUs9-1.jpg\" class=\"attachment-large size-large wp-image-14011\" alt=\"\" srcset=\"https:\/\/sierravillas.es\/wp-content\/uploads\/2026\/03\/240_F_218903532_9RFBeBOv2TUvXSwbkgXwFcGw0wlLAUs9-1.jpg 721w, https:\/\/sierravillas.es\/wp-content\/uploads\/2026\/03\/240_F_218903532_9RFBeBOv2TUvXSwbkgXwFcGw0wlLAUs9-1-300x100.jpg 300w\" sizes=\"(max-width: 721px) 100vw, 721px\" \/>\t\t\t\t\t\t\t\t\t\t\t\t\t\t\t<\/div>\n\t\t\t\t<\/div>\n\t\t\t\t\t<\/div>\n\t\t<\/div>\n\t\t\t\t\t<\/div>\n\t\t<\/section>\n\t\t\t\t<section class=\"elementor-section elementor-top-section elementor-element elementor-element-70c6717 elementor-section-boxed elementor-section-height-default elementor-section-height-default\" data-id=\"70c6717\" data-element_type=\"section\">\n\t\t\t\t\t\t<div class=\"elementor-container elementor-column-gap-default\">\n\t\t\t\t\t<div class=\"elementor-column elementor-col-100 elementor-top-column elementor-element elementor-element-d4b9288\" data-id=\"d4b9288\" data-element_type=\"column\">\n\t\t\t<div class=\"elementor-widget-wrap elementor-element-populated\">\n\t\t\t\t\t\t<div class=\"elementor-element elementor-element-8340e18 elementor-widget elementor-widget-heading\" data-id=\"8340e18\" data-element_type=\"widget\" data-widget_type=\"heading.default\">\n\t\t\t\t<div class=\"elementor-widget-container\">\n\t\t\t\t\t<h2 class=\"elementor-heading-title elementor-size-default\">Der Geschmack des authentischen Spaniens<\/h2>\t\t\t\t<\/div>\n\t\t\t\t<\/div>\n\t\t\t\t\t<\/div>\n\t\t<\/div>\n\t\t\t\t\t<\/div>\n\t\t<\/section>\n\t\t\t\t<section class=\"elementor-section elementor-top-section elementor-element elementor-element-654a681 elementor-section-boxed elementor-section-height-default elementor-section-height-default\" data-id=\"654a681\" data-element_type=\"section\">\n\t\t\t\t\t\t<div class=\"elementor-container elementor-column-gap-default\">\n\t\t\t\t\t<div class=\"elementor-column elementor-col-25 elementor-top-column elementor-element elementor-element-3ba0d19\" data-id=\"3ba0d19\" data-element_type=\"column\">\n\t\t\t<div class=\"elementor-widget-wrap elementor-element-populated\">\n\t\t\t\t\t\t<div class=\"elementor-element elementor-element-af1e94c animated-slow elementor-invisible elementor-widget elementor-widget-image\" data-id=\"af1e94c\" data-element_type=\"widget\" data-settings=\"{&quot;_animation&quot;:&quot;fadeInDown&quot;}\" data-widget_type=\"image.default\">\n\t\t\t\t<div class=\"elementor-widget-container\">\n\t\t\t\t\t\t\t\t\t\t\t\t\t\t\t<img loading=\"lazy\" decoding=\"async\" width=\"300\" height=\"200\" src=\"https:\/\/sierravillas.es\/wp-content\/uploads\/2023\/07\/healthy-tomato-soup-bowl-min-scaled-e1689581112544-300x200.webp\" class=\"elementor-animation-sink attachment-medium size-medium wp-image-12563\" alt=\"\" srcset=\"https:\/\/sierravillas.es\/wp-content\/uploads\/2023\/07\/healthy-tomato-soup-bowl-min-scaled-e1689581112544-300x200.webp 300w, https:\/\/sierravillas.es\/wp-content\/uploads\/2023\/07\/healthy-tomato-soup-bowl-min-scaled-e1689581112544-1024x683.webp 1024w, https:\/\/sierravillas.es\/wp-content\/uploads\/2023\/07\/healthy-tomato-soup-bowl-min-scaled-e1689581112544-768x512.webp 768w, https:\/\/sierravillas.es\/wp-content\/uploads\/2023\/07\/healthy-tomato-soup-bowl-min-scaled-e1689581112544-600x400.webp 600w, https:\/\/sierravillas.es\/wp-content\/uploads\/2023\/07\/healthy-tomato-soup-bowl-min-scaled-e1689581112544.webp 1500w\" sizes=\"(max-width: 300px) 100vw, 300px\" \/>\t\t\t\t\t\t\t\t\t\t\t\t\t\t\t<\/div>\n\t\t\t\t<\/div>\n\t\t\t\t\t<\/div>\n\t\t<\/div>\n\t\t\t\t<div class=\"elementor-column elementor-col-25 elementor-top-column elementor-element elementor-element-28bf99f\" data-id=\"28bf99f\" data-element_type=\"column\">\n\t\t\t<div class=\"elementor-widget-wrap elementor-element-populated\">\n\t\t\t\t\t\t<div class=\"elementor-element elementor-element-e4be7a9 animated-slow elementor-invisible elementor-widget elementor-widget-image\" data-id=\"e4be7a9\" data-element_type=\"widget\" data-settings=\"{&quot;_animation&quot;:&quot;fadeInDown&quot;}\" data-widget_type=\"image.default\">\n\t\t\t\t<div class=\"elementor-widget-container\">\n\t\t\t\t\t\t\t\t\t\t\t\t\t\t\t<img loading=\"lazy\" decoding=\"async\" width=\"300\" height=\"200\" src=\"https:\/\/sierravillas.es\/wp-content\/uploads\/2023\/07\/top-view-shot-delicious-paella-with-seafood-onion-rings-min-scaled-e1689581093348-300x200.webp\" class=\"elementor-animation-sink attachment-medium size-medium wp-image-12566\" alt=\"\" srcset=\"https:\/\/sierravillas.es\/wp-content\/uploads\/2023\/07\/top-view-shot-delicious-paella-with-seafood-onion-rings-min-scaled-e1689581093348-300x200.webp 300w, https:\/\/sierravillas.es\/wp-content\/uploads\/2023\/07\/top-view-shot-delicious-paella-with-seafood-onion-rings-min-scaled-e1689581093348-1024x683.webp 1024w, https:\/\/sierravillas.es\/wp-content\/uploads\/2023\/07\/top-view-shot-delicious-paella-with-seafood-onion-rings-min-scaled-e1689581093348-768x513.webp 768w, https:\/\/sierravillas.es\/wp-content\/uploads\/2023\/07\/top-view-shot-delicious-paella-with-seafood-onion-rings-min-scaled-e1689581093348-600x400.webp 600w, https:\/\/sierravillas.es\/wp-content\/uploads\/2023\/07\/top-view-shot-delicious-paella-with-seafood-onion-rings-min-scaled-e1689581093348.webp 1500w\" sizes=\"(max-width: 300px) 100vw, 300px\" \/>\t\t\t\t\t\t\t\t\t\t\t\t\t\t\t<\/div>\n\t\t\t\t<\/div>\n\t\t\t\t\t<\/div>\n\t\t<\/div>\n\t\t\t\t<div class=\"elementor-column elementor-col-25 elementor-top-column elementor-element elementor-element-0d38348\" data-id=\"0d38348\" data-element_type=\"column\">\n\t\t\t<div class=\"elementor-widget-wrap elementor-element-populated\">\n\t\t\t\t\t\t<div class=\"elementor-element elementor-element-eed85c1 animated-slow elementor-invisible elementor-widget elementor-widget-image\" data-id=\"eed85c1\" data-element_type=\"widget\" data-settings=\"{&quot;_animation&quot;:&quot;fadeInDown&quot;}\" data-widget_type=\"image.default\">\n\t\t\t\t<div class=\"elementor-widget-container\">\n\t\t\t\t\t\t\t\t\t\t\t\t\t\t\t<img loading=\"lazy\" decoding=\"async\" width=\"300\" height=\"200\" src=\"https:\/\/sierravillas.es\/wp-content\/uploads\/2023\/09\/Chut-aut-3.-fotka-min-scaled-e1694506889286-300x200.webp\" class=\"elementor-animation-sink attachment-medium size-medium wp-image-12923\" alt=\"\" srcset=\"https:\/\/sierravillas.es\/wp-content\/uploads\/2023\/09\/Chut-aut-3.-fotka-min-scaled-e1694506889286-300x200.webp 300w, https:\/\/sierravillas.es\/wp-content\/uploads\/2023\/09\/Chut-aut-3.-fotka-min-scaled-e1694506889286-768x512.webp 768w, https:\/\/sierravillas.es\/wp-content\/uploads\/2023\/09\/Chut-aut-3.-fotka-min-scaled-e1694506889286.webp 1024w\" sizes=\"(max-width: 300px) 100vw, 300px\" \/>\t\t\t\t\t\t\t\t\t\t\t\t\t\t\t<\/div>\n\t\t\t\t<\/div>\n\t\t\t\t\t<\/div>\n\t\t<\/div>\n\t\t\t\t<div class=\"elementor-column elementor-col-25 elementor-top-column elementor-element elementor-element-6ab32bb\" data-id=\"6ab32bb\" data-element_type=\"column\">\n\t\t\t<div class=\"elementor-widget-wrap elementor-element-populated\">\n\t\t\t\t\t\t<div class=\"elementor-element elementor-element-b585221 animated-slow elementor-invisible elementor-widget elementor-widget-image\" data-id=\"b585221\" data-element_type=\"widget\" data-settings=\"{&quot;_animation&quot;:&quot;fadeInDown&quot;}\" data-widget_type=\"image.default\">\n\t\t\t\t<div class=\"elementor-widget-container\">\n\t\t\t\t\t\t\t\t\t\t\t\t\t\t\t<img loading=\"lazy\" decoding=\"async\" width=\"300\" height=\"200\" src=\"https:\/\/sierravillas.es\/wp-content\/uploads\/2023\/07\/assortment-spanish-pintxos-min-scaled-e1689580853313-300x200.webp\" class=\"elementor-animation-sink attachment-medium size-medium wp-image-12569\" alt=\"\" srcset=\"https:\/\/sierravillas.es\/wp-content\/uploads\/2023\/07\/assortment-spanish-pintxos-min-scaled-e1689580853313-300x200.webp 300w, https:\/\/sierravillas.es\/wp-content\/uploads\/2023\/07\/assortment-spanish-pintxos-min-scaled-e1689580853313-1024x683.webp 1024w, https:\/\/sierravillas.es\/wp-content\/uploads\/2023\/07\/assortment-spanish-pintxos-min-scaled-e1689580853313-768x512.webp 768w, https:\/\/sierravillas.es\/wp-content\/uploads\/2023\/07\/assortment-spanish-pintxos-min-scaled-e1689580853313-600x400.webp 600w, https:\/\/sierravillas.es\/wp-content\/uploads\/2023\/07\/assortment-spanish-pintxos-min-scaled-e1689580853313.webp 1500w\" sizes=\"(max-width: 300px) 100vw, 300px\" \/>\t\t\t\t\t\t\t\t\t\t\t\t\t\t\t<\/div>\n\t\t\t\t<\/div>\n\t\t\t\t\t<\/div>\n\t\t<\/div>\n\t\t\t\t\t<\/div>\n\t\t<\/section>\n\t\t\t\t<section class=\"elementor-section elementor-top-section elementor-element elementor-element-10d730c elementor-section-boxed elementor-section-height-default elementor-section-height-default\" data-id=\"10d730c\" data-element_type=\"section\">\n\t\t\t\t\t\t<div class=\"elementor-container elementor-column-gap-default\">\n\t\t\t\t\t<div class=\"elementor-column elementor-col-50 elementor-top-column elementor-element elementor-element-2bd698c\" data-id=\"2bd698c\" data-element_type=\"column\">\n\t\t\t<div class=\"elementor-widget-wrap elementor-element-populated\">\n\t\t\t\t\t\t<div class=\"elementor-element elementor-element-f1dfe4f elementor-widget elementor-widget-heading\" data-id=\"f1dfe4f\" data-element_type=\"widget\" data-widget_type=\"heading.default\">\n\t\t\t\t<div class=\"elementor-widget-container\">\n\t\t\t\t\t<h2 class=\"elementor-heading-title elementor-size-default\">Str\u00e4nde\n<\/h2>\t\t\t\t<\/div>\n\t\t\t\t<\/div>\n\t\t\t\t<div class=\"elementor-element elementor-element-44f10d3 elementor-widget elementor-widget-text-editor\" data-id=\"44f10d3\" data-element_type=\"widget\" data-widget_type=\"text-editor.default\">\n\t\t\t\t<div class=\"elementor-widget-container\">\n\t\t\t\t\t\t\t\t\t<p>Die ausgedehnte Ostk\u00fcste Andalusiens \u00fcberrascht viele Touristen mit ihrer Vielfalt und Sch\u00f6nheit, die sich stark von dem traditionellen Bild der spanischen K\u00fcste unterscheidet. Besonders bemerkenswert ist der 6 km lange Strand, der sich weitl\u00e4ufig von dem traditionellen Fischerhafen Garrucha mit seinem lebhaften Hafen und den bekannten Fischrestaurants erstreckt.<\/p><p>Die traditionellsten Str\u00e4nde wie Moj\u00e1car, Garrucha, Puerto Rey oder Villaricos sind selbst in der Hauptsaison selten \u00fcberf\u00fcllt. Hier k\u00f6nnen Sie leicht Pl\u00e4tze zum Tauchen, Schnorcheln und Segeln finden oder sogar Zugang zu Ihrer eigenen privaten Bucht haben, auch w\u00e4hrend der Sommermonate.<\/p><p>Playa de los Muertos ist ein ein Kilometer langer und mehrere Dutzend Meter breiter Sandstrand in der Region Almer\u00eda. Er z\u00e4hlt zu den reizvollsten Str\u00e4nden dieser Gegend. Sie erreichen den Strand nach etwa 15 Minuten \u00fcber einen schmalen Fu\u00dfweg von der angrenzenden Stra\u00dfe aus. In der N\u00e4he des Strandes gibt es keine Restaurants oder andere Verpflegungsm\u00f6glichkeiten, daher vergessen Sie nicht, ausreichend Fl\u00fcssigkeit mitzunehmen.\u00a0<span style=\"text-decoration: underline;\"><strong><a href=\"https:\/\/www.google.com\/maps\/d\/u\/0\/edit?mid=11Xw3vW4GMzSx-_plJLQjjpSCz1dAqVk&amp;usp=sharing\">Str\u00e4nde<\/a><\/strong><\/span><\/p>\t\t\t\t\t\t\t\t<\/div>\n\t\t\t\t<\/div>\n\t\t\t\t\t<\/div>\n\t\t<\/div>\n\t\t\t\t<div class=\"elementor-column elementor-col-50 elementor-top-column elementor-element elementor-element-ec3ae74\" data-id=\"ec3ae74\" data-element_type=\"column\">\n\t\t\t<div class=\"elementor-widget-wrap elementor-element-populated\">\n\t\t\t\t\t\t<div class=\"elementor-element elementor-element-a7af4ab elementor-widget elementor-widget-image\" data-id=\"a7af4ab\" data-element_type=\"widget\" data-widget_type=\"image.default\">\n\t\t\t\t<div class=\"elementor-widget-container\">\n\t\t\t\t\t\t\t\t\t\t\t\t\t\t\t<img loading=\"lazy\" decoding=\"async\" width=\"1024\" height=\"683\" src=\"https:\/\/sierravillas.es\/wp-content\/uploads\/2023\/09\/Plaze-min-1024x683.webp\" class=\"attachment-large size-large wp-image-12920\" alt=\"\" srcset=\"https:\/\/sierravillas.es\/wp-content\/uploads\/2023\/09\/Plaze-min-scaled-e1694506530819.webp 1024w, https:\/\/sierravillas.es\/wp-content\/uploads\/2023\/09\/Plaze-min-scaled-e1694506530819-300x200.webp 300w, https:\/\/sierravillas.es\/wp-content\/uploads\/2023\/09\/Plaze-min-scaled-e1694506530819-768x512.webp 768w, https:\/\/sierravillas.es\/wp-content\/uploads\/2023\/09\/Plaze-min-1536x1024.webp 1536w, https:\/\/sierravillas.es\/wp-content\/uploads\/2023\/09\/Plaze-min-2048x1365.webp 2048w\" sizes=\"(max-width: 1024px) 100vw, 1024px\" \/>\t\t\t\t\t\t\t\t\t\t\t\t\t\t\t<\/div>\n\t\t\t\t<\/div>\n\t\t\t\t\t<\/div>\n\t\t<\/div>\n\t\t\t\t\t<\/div>\n\t\t<\/section>\n\t\t\t\t<section class=\"elementor-section elementor-top-section elementor-element elementor-element-dd14377 elementor-section-boxed elementor-section-height-default elementor-section-height-default\" data-id=\"dd14377\" data-element_type=\"section\">\n\t\t\t\t\t\t<div class=\"elementor-container elementor-column-gap-wider\">\n\t\t\t\t\t<div class=\"elementor-column elementor-col-25 elementor-top-column elementor-element elementor-element-d05b50f\" data-id=\"d05b50f\" data-element_type=\"column\" data-settings=\"{&quot;background_background&quot;:&quot;classic&quot;}\">\n\t\t\t<div class=\"elementor-widget-wrap elementor-element-populated\">\n\t\t\t\t\t\t<div class=\"elementor-element elementor-element-c3af968 elementor-widget elementor-widget-heading\" data-id=\"c3af968\" data-element_type=\"widget\" data-widget_type=\"heading.default\">\n\t\t\t\t<div class=\"elementor-widget-container\">\n\t\t\t\t\t<h2 class=\"elementor-heading-title elementor-size-default\">VERA<\/h2>\t\t\t\t<\/div>\n\t\t\t\t<\/div>\n\t\t\t\t<div class=\"elementor-element elementor-element-08b34dd elementor-widget elementor-widget-text-editor\" data-id=\"08b34dd\" data-element_type=\"widget\" data-widget_type=\"text-editor.default\">\n\t\t\t\t<div class=\"elementor-widget-container\">\n\t\t\t\t\t\t\t\t\t<p>Die Str\u00e4nde in Vera zeichnen sich durch sanften Zugang zum Meer aus, weshalb sie besonders bei Familien mit kleinen Kindern und weniger erfahrenen Schwimmern beliebt sind. In der N\u00e4he der K\u00fcste befindet sich das einzigartige Naturschutzgebiet Laguna de Puerto Rey. Die N\u00e4he zu den Bergen macht Vera auch zu einem idealen Ort f\u00fcr sportlich aktive Menschen, die ausgedehnte Wanderungen in die Berge unternehmen k\u00f6nnen und die Aussicht auf die Umgebung genie\u00dfen k\u00f6nnen.  <\/p>\t\t\t\t\t\t\t\t<\/div>\n\t\t\t\t<\/div>\n\t\t\t\t\t<\/div>\n\t\t<\/div>\n\t\t\t\t<div class=\"elementor-column elementor-col-25 elementor-top-column elementor-element elementor-element-564df39\" data-id=\"564df39\" data-element_type=\"column\" data-settings=\"{&quot;background_background&quot;:&quot;classic&quot;}\">\n\t\t\t<div class=\"elementor-widget-wrap elementor-element-populated\">\n\t\t\t\t\t\t<div class=\"elementor-element elementor-element-92c354e elementor-widget elementor-widget-heading\" data-id=\"92c354e\" data-element_type=\"widget\" data-widget_type=\"heading.default\">\n\t\t\t\t<div class=\"elementor-widget-container\">\n\t\t\t\t\t<h2 class=\"elementor-heading-title elementor-size-default\">CABO DE GATA<\/h2>\t\t\t\t<\/div>\n\t\t\t\t<\/div>\n\t\t\t\t<div class=\"elementor-element elementor-element-c65e040 elementor-widget elementor-widget-text-editor\" data-id=\"c65e040\" data-element_type=\"widget\" data-widget_type=\"text-editor.default\">\n\t\t\t\t<div class=\"elementor-widget-container\">\n\t\t\t\t\t\t\t\t\t<p>Dieser Naturpark ist gepr\u00e4gt von wilden mediterranen K\u00fcsten, einer d\u00fcnn besiedelten, trockenen Landschaft und zahlreichen Salzlagunen. F\u00fcr Wanderliebhaber ist es fast ein ideales Ziel in einer unvergesslichen Natur. Es handelt sich um eine vulkanische Region mit einer Gesamtfl\u00e4che von 26.000 Hektar. Im Landesinneren befindet sich das Gebirge Sierra de Gata mit dem h\u00f6chsten Gipfel, dem Pico de Fraile (451 Meter). Der Park z\u00e4hlt zu den trockensten Orten Europas. In der Umgebung k\u00f6nnen Sie Fischerd\u00f6rfer, Buchten mit wundersch\u00f6nen Str\u00e4nden und Klippen besuchen.     <\/p>\t\t\t\t\t\t\t\t<\/div>\n\t\t\t\t<\/div>\n\t\t\t\t\t<\/div>\n\t\t<\/div>\n\t\t\t\t<div class=\"elementor-column elementor-col-25 elementor-top-column elementor-element elementor-element-fbcd888 elementor-hidden-desktop elementor-hidden-laptop elementor-hidden-mobile\" data-id=\"fbcd888\" data-element_type=\"column\" data-settings=\"{&quot;background_background&quot;:&quot;classic&quot;}\">\n\t\t\t<div class=\"elementor-widget-wrap\">\n\t\t\t\t\t\t\t<\/div>\n\t\t<\/div>\n\t\t\t\t<div class=\"elementor-column elementor-col-25 elementor-top-column elementor-element elementor-element-a7b374c\" data-id=\"a7b374c\" data-element_type=\"column\" data-settings=\"{&quot;background_background&quot;:&quot;classic&quot;}\">\n\t\t\t<div class=\"elementor-widget-wrap elementor-element-populated\">\n\t\t\t\t\t\t<div class=\"elementor-element elementor-element-dd1696c elementor-widget elementor-widget-heading\" data-id=\"dd1696c\" data-element_type=\"widget\" data-widget_type=\"heading.default\">\n\t\t\t\t<div class=\"elementor-widget-container\">\n\t\t\t\t\t<h2 class=\"elementor-heading-title elementor-size-default\">CARTAGENA<\/h2>\t\t\t\t<\/div>\n\t\t\t\t<\/div>\n\t\t\t\t<div class=\"elementor-element elementor-element-423f6c7 elementor-widget elementor-widget-text-editor\" data-id=\"423f6c7\" data-element_type=\"widget\" data-widget_type=\"text-editor.default\">\n\t\t\t\t<div class=\"elementor-widget-container\">\n\t\t\t\t\t\t\t\t\t<p>Cartagena wird Sie nicht nur mit seiner historischen Atmosph\u00e4re verzaubern. Verpassen Sie nicht die Restaurants mit k\u00f6stlichen Gerichten, das reiche Nachtleben und die Einkaufsm\u00f6glichkeiten. Zu den unverzichtbaren Orten geh\u00f6ren das R\u00f6mische Theater, die Burg Castillo de la Concepci\u00f3n, das Nationale Zentrum f\u00fcr maritime Arch\u00e4ologie, das Milit\u00e4rmuseum, atemberaubende Aussichten und Str\u00e4nde.  <\/p>\t\t\t\t\t\t\t\t<\/div>\n\t\t\t\t<\/div>\n\t\t\t\t\t<\/div>\n\t\t<\/div>\n\t\t\t\t\t<\/div>\n\t\t<\/section>\n\t\t\t\t<section class=\"elementor-section elementor-top-section elementor-element elementor-element-b18222d elementor-section-boxed elementor-section-height-default elementor-section-height-default\" data-id=\"b18222d\" data-element_type=\"section\">\n\t\t\t\t\t\t<div class=\"elementor-container elementor-column-gap-default\">\n\t\t\t\t\t<div class=\"elementor-column elementor-col-50 elementor-top-column elementor-element elementor-element-79beabc\" data-id=\"79beabc\" data-element_type=\"column\">\n\t\t\t<div class=\"elementor-widget-wrap elementor-element-populated\">\n\t\t\t\t\t\t<div class=\"elementor-element elementor-element-ab66151 elementor-widget elementor-widget-image\" data-id=\"ab66151\" data-element_type=\"widget\" data-widget_type=\"image.default\">\n\t\t\t\t<div class=\"elementor-widget-container\">\n\t\t\t\t\t\t\t\t\t\t\t\t\t\t\t<img loading=\"lazy\" decoding=\"async\" width=\"1024\" height=\"683\" src=\"https:\/\/sierravillas.es\/wp-content\/uploads\/2023\/09\/Restaurace-riad-cabrera-min-scaled-e1694506228933-1024x683.webp\" class=\"attachment-large size-large wp-image-12917\" alt=\"\" srcset=\"https:\/\/sierravillas.es\/wp-content\/uploads\/2023\/09\/Restaurace-riad-cabrera-min-scaled-e1694506228933-1024x683.webp 1024w, https:\/\/sierravillas.es\/wp-content\/uploads\/2023\/09\/Restaurace-riad-cabrera-min-scaled-e1694506228933-300x200.webp 300w, https:\/\/sierravillas.es\/wp-content\/uploads\/2023\/09\/Restaurace-riad-cabrera-min-scaled-e1694506228933-768x512.webp 768w, https:\/\/sierravillas.es\/wp-content\/uploads\/2023\/09\/Restaurace-riad-cabrera-min-scaled-e1694506228933.webp 1536w\" sizes=\"(max-width: 1024px) 100vw, 1024px\" \/>\t\t\t\t\t\t\t\t\t\t\t\t\t\t\t<\/div>\n\t\t\t\t<\/div>\n\t\t\t\t\t<\/div>\n\t\t<\/div>\n\t\t\t\t<div class=\"elementor-column elementor-col-50 elementor-top-column elementor-element elementor-element-651b68d\" data-id=\"651b68d\" data-element_type=\"column\">\n\t\t\t<div class=\"elementor-widget-wrap elementor-element-populated\">\n\t\t\t\t\t\t<div class=\"elementor-element elementor-element-c504042 elementor-widget elementor-widget-heading\" data-id=\"c504042\" data-element_type=\"widget\" data-widget_type=\"heading.default\">\n\t\t\t\t<div class=\"elementor-widget-container\">\n\t\t\t\t\t<h2 class=\"elementor-heading-title elementor-size-default\">Restaurant Riad (Fatima's) in Cabrera\n<\/h2>\t\t\t\t<\/div>\n\t\t\t\t<\/div>\n\t\t\t\t<div class=\"elementor-element elementor-element-5889c9f elementor-widget elementor-widget-text-editor\" data-id=\"5889c9f\" data-element_type=\"widget\" data-widget_type=\"text-editor.default\">\n\t\t\t\t<div class=\"elementor-widget-container\">\n\t\t\t\t\t\t\t\t\t<p>Der Ort ist im traditionellen marokkanischen Stil gestaltet und f\u00fcgt sich harmonisch in die Majest\u00e4t seiner Umgebung ein.<br>Die gro\u00dfe Terrasse, umrahmt von B\u00f6gen, ist ein pr\u00e4chtiger Eingang, der ausreichend Platz f\u00fcr besondere Anl\u00e4sse und gro\u00dfe Veranstaltungen bietet. Der Riad, besser bekannt als &#8222;Fatima&#8220;, ist bei den Einheimischen und Urlaubern aus Madrid in dieser Gegend sehr beliebt.  <\/p><p> <\/p><p>Der moderne Innenraum schafft eine gem\u00fctliche Umgebung, in der Sie Gerichte nach h\u00f6chsten Standards genie\u00dfen k\u00f6nnen. Die Speisekarte ist vielf\u00e4ltig mit einem marokkanischen Touch, der alle Geschm\u00e4cker des afrikanischen Kontinents hervorruft, der nur 130 km entfernt liegt. Tapas werden sowohl zum Mittagessen als auch als Vorspeise serviert, was wir empfehlen. Fatima&#8217;s, ge\u00f6ffnet t\u00e4glich zum Mittag- und Abendessen, ist ein wahres Vergn\u00fcgen, das Sie bei Ihrem Besuch dieses wunderbaren Teils von Almer\u00eda nicht verpassen sollten.   <\/p><p> <\/p><p>Telefon 00 34 950 092 042.<\/p>\t\t\t\t\t\t\t\t<\/div>\n\t\t\t\t<\/div>\n\t\t\t\t\t<\/div>\n\t\t<\/div>\n\t\t\t\t\t<\/div>\n\t\t<\/section>\n\t\t\t\t<section class=\"elementor-section elementor-top-section elementor-element elementor-element-496a966 elementor-section-boxed elementor-section-height-default elementor-section-height-default\" data-id=\"496a966\" data-element_type=\"section\" data-settings=\"{&quot;background_background&quot;:&quot;classic&quot;}\">\n\t\t\t\t\t\t\t<div class=\"elementor-background-overlay\"><\/div>\n\t\t\t\t\t\t\t<div class=\"elementor-container elementor-column-gap-default\">\n\t\t\t\t\t<div class=\"elementor-column elementor-col-100 elementor-top-column elementor-element elementor-element-20d17f8\" data-id=\"20d17f8\" data-element_type=\"column\">\n\t\t\t<div class=\"elementor-widget-wrap elementor-element-populated\">\n\t\t\t\t\t\t<div class=\"elementor-element elementor-element-737ae9d elementor-widget elementor-widget-heading\" data-id=\"737ae9d\" data-element_type=\"widget\" data-widget_type=\"heading.default\">\n\t\t\t\t<div class=\"elementor-widget-container\">\n\t\t\t\t\t<h2 class=\"elementor-heading-title elementor-size-default\">mini hollywood (oasys)<\/h2>\t\t\t\t<\/div>\n\t\t\t\t<\/div>\n\t\t\t\t<section class=\"elementor-section elementor-inner-section elementor-element elementor-element-563c4d5 elementor-section-boxed elementor-section-height-default elementor-section-height-default\" data-id=\"563c4d5\" data-element_type=\"section\">\n\t\t\t\t\t\t<div class=\"elementor-container elementor-column-gap-wider\">\n\t\t\t\t\t<div class=\"elementor-column elementor-col-50 elementor-inner-column elementor-element elementor-element-bfb9ea9\" data-id=\"bfb9ea9\" data-element_type=\"column\">\n\t\t\t<div class=\"elementor-widget-wrap elementor-element-populated\">\n\t\t\t\t\t\t<div class=\"elementor-element elementor-element-e3930a4 elementor-widget elementor-widget-text-editor\" data-id=\"e3930a4\" data-element_type=\"widget\" data-widget_type=\"text-editor.default\">\n\t\t\t\t<div class=\"elementor-widget-container\">\n\t\t\t\t\t\t\t\t\t<p align=\"center\"><span style=\"color: #ffffff;\">F\u00fcr Spa\u00df und einen ganzen Tagesausflug machen Sie sich auf den Weg zur &#8222;Miniture&#8220;. Zwei Attraktionen in Almer\u00eda liegen nebeneinander und sind einen Besuch wert. <\/span><br><span style=\"color: #ffffff;\">Fahren Sie Richtung Tabernas und reisen Sie zur\u00fcck in die Zeit des Wilden Westens, wo verlassene St\u00e4dte am Horizont auftauchen.<\/span><\/p>\t\t\t\t\t\t\t\t<\/div>\n\t\t\t\t<\/div>\n\t\t\t\t<div class=\"elementor-element elementor-element-347f53b elementor-widget elementor-widget-heading\" data-id=\"347f53b\" data-element_type=\"widget\" data-widget_type=\"heading.default\">\n\t\t\t\t<div class=\"elementor-widget-container\">\n\t\t\t\t\t<h2 class=\"elementor-heading-title elementor-size-default\">fort bravo\n<\/h2>\t\t\t\t<\/div>\n\t\t\t\t<\/div>\n\t\t\t\t<div class=\"elementor-element elementor-element-68bb601 elementor-widget elementor-widget-text-editor\" data-id=\"68bb601\" data-element_type=\"widget\" data-widget_type=\"text-editor.default\">\n\t\t\t\t<div class=\"elementor-widget-container\">\n\t\t\t\t\t\t\t\t\t<p><span style=\"color: #ffffff;\">Dies ist eine der saubersten lokalen St\u00e4dte. Wenn Sie ein Fan des Westernkinos sind, ist dies der richtige Ort f\u00fcr Sie. Hier wurden alle Westernfilme gedreht, die ganze Stadt ist ein originaler Filmkulisse. Besuchen Sie auch die \u00f6rtliche Bar und sehen Sie sich die Fotogalerie der Filmstars an. Sie k\u00f6nnen das \u00f6rtliche Restaurant genie\u00dfen, reiten gehen, die Filmkulissen erkunden und das Indianerreservat besuchen. Can-Can T\u00e4nzer werden Sie in der Bar unterhalten, und Schauspieler verwandeln Szenen auf Pferden aus dem Wilden Westen.     <\/span><\/p>\t\t\t\t\t\t\t\t<\/div>\n\t\t\t\t<\/div>\n\t\t\t\t\t<\/div>\n\t\t<\/div>\n\t\t\t\t<div class=\"elementor-column elementor-col-50 elementor-inner-column elementor-element elementor-element-ca89898\" data-id=\"ca89898\" data-element_type=\"column\">\n\t\t\t<div class=\"elementor-widget-wrap elementor-element-populated\">\n\t\t\t\t\t\t<div class=\"elementor-element elementor-element-d76df3a elementor-widget elementor-widget-text-editor\" data-id=\"d76df3a\" data-element_type=\"widget\" data-widget_type=\"text-editor.default\">\n\t\t\t\t<div class=\"elementor-widget-container\">\n\t\t\t\t\t\t\t\t\t<p align=\"center\"><span style=\"color: #ffffff;\">Der Freizeitpark im Westen mit seiner eigenen ZOO ist sehr zu empfehlen. Sie k\u00f6nnen Shows mit Blechdosen-M\u00e4dchen und spektakul\u00e4re Stunts der Schurken aus dem Westen erleben, die von Sheriffs auf Pferden verfolgt werden. <\/span><\/p><p align=\"center\"><span style=\"color: #ffffff;\"><br><\/span><span style=\"color: #ffffff;\">Sie k\u00f6nnen das Museum, Kakteeng\u00e4rten, alte Minen und die Westernstadt besichtigen.<\/span><\/p><p align=\"center\"><span style=\"color: #ffffff;\">Auf dem gesamten Gel\u00e4nde gibt es Picknickpl\u00e4tze, Restaurants und Gesch\u00e4fte. Sie k\u00f6nnen hier einen riesigen Pool finden und in der Sonne entspannen. Ein Minizug bringt Sie auf den Gipfel des Parks, von wo aus Sie nur einen kurzen Weg zur\u00fccklegen m\u00fcssen, um die Aussicht zu genie\u00dfen. Verpassen Sie auch nicht die Papageienshows.   <\/span><\/p><p align=\"center\"><span style=\"color: #ffffff;\"><br><\/span><span style=\"color: #ffffff;\">Beide Parks \u00f6ffnen in der Hochsaison t\u00e4glich und befinden sich eine Stunde von Cabrera entfernt. Um zum Eingang von Cortijo Grande y Cabrera zu gelangen, biegen Sie links auf die Autobahn E15\/A7 ab. Danach biegen Sie links Richtung Alfaix N340 ab. Folgen Sie dieser Stra\u00dfe und in Tabernas werden Sie Schilder zu den Freizeitparks sehen.   <\/span><\/p>\t\t\t\t\t\t\t\t<\/div>\n\t\t\t\t<\/div>\n\t\t\t\t\t<\/div>\n\t\t<\/div>\n\t\t\t\t\t<\/div>\n\t\t<\/section>\n\t\t\t\t\t<\/div>\n\t\t<\/div>\n\t\t\t\t\t<\/div>\n\t\t<\/section>\n\t\t\t\t<section class=\"elementor-section elementor-top-section elementor-element elementor-element-4e78b66 elementor-section-boxed elementor-section-height-default elementor-section-height-default\" data-id=\"4e78b66\" data-element_type=\"section\">\n\t\t\t\t\t\t<div class=\"elementor-container elementor-column-gap-default\">\n\t\t\t\t\t<div class=\"elementor-column elementor-col-50 elementor-top-column elementor-element elementor-element-fd6d07c\" data-id=\"fd6d07c\" data-element_type=\"column\">\n\t\t\t<div class=\"elementor-widget-wrap elementor-element-populated\">\n\t\t\t\t\t\t<div class=\"elementor-element elementor-element-596a303 elementor-widget elementor-widget-heading\" data-id=\"596a303\" data-element_type=\"widget\" data-widget_type=\"heading.default\">\n\t\t\t\t<div class=\"elementor-widget-container\">\n\t\t\t\t\t<h2 class=\"elementor-heading-title elementor-size-default\">Wasserpark\n<\/h2>\t\t\t\t<\/div>\n\t\t\t\t<\/div>\n\t\t\t\t<div class=\"elementor-element elementor-element-517f77e elementor-widget elementor-widget-text-editor\" data-id=\"517f77e\" data-element_type=\"widget\" data-widget_type=\"text-editor.default\">\n\t\t\t\t<div class=\"elementor-widget-container\">\n\t\t\t\t\t\t\t\t\t<p>Der Aquapark befindet sich in der N\u00e4he des Strandes von Vera Playa, ist leicht zug\u00e4nglich und verf\u00fcgt \u00fcber ausreichend Parkpl\u00e4tze. Er bietet ausgezeichnete Unterhaltung f\u00fcr alle Junggebliebenen. Der gut ausgestattete Park, der vollst\u00e4ndig unter der Aufsicht eines qualifizierten Teams steht, umfasst 7 lange, kurvenreiche und vielf\u00e4ltige Rutschen.  <\/p><p> <\/p><p>Es gibt auch ein Wellenbad und einen riesigen Erholungspool, einen ausgedehnten Kinderbereich mit kleinen Rutschen und Attraktionen f\u00fcr die Kleinsten, verschiedene St\u00e4nde und Caf\u00e9s mit Imbissm\u00f6glichkeiten. Auf dem gesamten Gel\u00e4nde befinden sich Sonnenschirme und Liegest\u00fchle, die Komfort in entspannter Umgebung bieten. Es ist ein idealer Ausflug f\u00fcr Familien von Mai bis September.   <\/p>\t\t\t\t\t\t\t\t<\/div>\n\t\t\t\t<\/div>\n\t\t\t\t\t<\/div>\n\t\t<\/div>\n\t\t\t\t<div class=\"elementor-column elementor-col-50 elementor-top-column elementor-element elementor-element-a418b35\" data-id=\"a418b35\" data-element_type=\"column\">\n\t\t\t<div class=\"elementor-widget-wrap elementor-element-populated\">\n\t\t\t\t\t\t<div class=\"elementor-element elementor-element-bc1246a elementor-widget elementor-widget-image\" data-id=\"bc1246a\" data-element_type=\"widget\" data-widget_type=\"image.default\">\n\t\t\t\t<div class=\"elementor-widget-container\">\n\t\t\t\t\t\t\t\t\t\t\t\t\t\t\t<img loading=\"lazy\" decoding=\"async\" width=\"1024\" height=\"683\" src=\"https:\/\/sierravillas.es\/wp-content\/uploads\/2023\/09\/Vodni-park-min-1024x683.webp\" class=\"attachment-large size-large wp-image-12926\" alt=\"\" srcset=\"https:\/\/sierravillas.es\/wp-content\/uploads\/2023\/09\/Vodni-park-min-scaled-e1694506974340.webp 1024w, https:\/\/sierravillas.es\/wp-content\/uploads\/2023\/09\/Vodni-park-min-scaled-e1694506974340-300x200.webp 300w, https:\/\/sierravillas.es\/wp-content\/uploads\/2023\/09\/Vodni-park-min-scaled-e1694506974340-768x512.webp 768w, https:\/\/sierravillas.es\/wp-content\/uploads\/2023\/09\/Vodni-park-min-1536x1024.webp 1536w, https:\/\/sierravillas.es\/wp-content\/uploads\/2023\/09\/Vodni-park-min-2048x1365.webp 2048w\" sizes=\"(max-width: 1024px) 100vw, 1024px\" \/>\t\t\t\t\t\t\t\t\t\t\t\t\t\t\t<\/div>\n\t\t\t\t<\/div>\n\t\t\t\t\t<\/div>\n\t\t<\/div>\n\t\t\t\t\t<\/div>\n\t\t<\/section>\n\t\t\t\t<section class=\"elementor-section elementor-top-section elementor-element elementor-element-d425fab elementor-section-stretched elementor-section-boxed elementor-section-height-default elementor-section-height-default\" data-id=\"d425fab\" data-element_type=\"section\" data-settings=\"{&quot;stretch_section&quot;:&quot;section-stretched&quot;,&quot;background_background&quot;:&quot;classic&quot;}\">\n\t\t\t\t\t\t\t<div class=\"elementor-background-overlay\"><\/div>\n\t\t\t\t\t\t\t<div class=\"elementor-container elementor-column-gap-default\">\n\t\t\t\t\t<div class=\"elementor-column elementor-col-100 elementor-top-column elementor-element elementor-element-fd1a7d2\" data-id=\"fd1a7d2\" data-element_type=\"column\" data-settings=\"{&quot;background_background&quot;:&quot;classic&quot;}\">\n\t\t\t<div class=\"elementor-widget-wrap elementor-element-populated\">\n\t\t\t\t\t\t<div class=\"elementor-element elementor-element-4443bb0 elementor-widget elementor-widget-heading\" data-id=\"4443bb0\" data-element_type=\"widget\" data-widget_type=\"heading.default\">\n\t\t\t\t<div class=\"elementor-widget-container\">\n\t\t\t\t\t<h2 class=\"elementor-heading-title elementor-size-default\">golf<\/h2>\t\t\t\t<\/div>\n\t\t\t\t<\/div>\n\t\t\t\t<div class=\"elementor-element elementor-element-ef6959b elementor-widget elementor-widget-heading\" data-id=\"ef6959b\" data-element_type=\"widget\" data-widget_type=\"heading.default\">\n\t\t\t\t<div class=\"elementor-widget-container\">\n\t\t\t\t\t<h2 class=\"elementor-heading-title elementor-size-default\">Almer\u00eda ist bekannt f\u00fcr seine Golfpl\u00e4tze. Mit einem Klima, das an 98 % der Tage im Jahr Sonnenschein bietet, k\u00f6nnen Golfer ihre Spiele mit Sicherheit planen. \n<\/h2>\t\t\t\t<\/div>\n\t\t\t\t<\/div>\n\t\t\t\t<section class=\"elementor-section elementor-inner-section elementor-element elementor-element-fedac09 elementor-section-boxed elementor-section-height-default elementor-section-height-default\" data-id=\"fedac09\" data-element_type=\"section\">\n\t\t\t\t\t\t<div class=\"elementor-container elementor-column-gap-default\">\n\t\t\t\t\t<div class=\"elementor-column elementor-col-25 elementor-inner-column elementor-element elementor-element-79d5f67\" data-id=\"79d5f67\" data-element_type=\"column\" data-settings=\"{&quot;background_background&quot;:&quot;classic&quot;}\">\n\t\t\t<div class=\"elementor-widget-wrap elementor-element-populated\">\n\t\t\t\t\t\t<div class=\"elementor-element elementor-element-1c4dc95 elementor-widget elementor-widget-heading\" data-id=\"1c4dc95\" data-element_type=\"widget\" data-widget_type=\"heading.default\">\n\t\t\t\t<div class=\"elementor-widget-container\">\n\t\t\t\t\t<h2 class=\"elementor-heading-title elementor-size-default\">east valley - 18 L\u00f6cher<\/h2>\t\t\t\t<\/div>\n\t\t\t\t<\/div>\n\t\t\t\t<div class=\"elementor-element elementor-element-5cb8f32 elementor-widget elementor-widget-text-editor\" data-id=\"5cb8f32\" data-element_type=\"widget\" data-widget_type=\"text-editor.default\">\n\t\t\t\t<div class=\"elementor-widget-container\">\n\t\t\t\t\t\t\t\t\t<p>Es befindet sich am Ausgang von Vera. Dieser Golfplatz liegt in einem Wohnviertel, wo Sie Gesch\u00e4fte, Bars und Restaurants finden k\u00f6nnen. <\/p>\t\t\t\t\t\t\t\t<\/div>\n\t\t\t\t<\/div>\n\t\t\t\t\t<\/div>\n\t\t<\/div>\n\t\t\t\t<div class=\"elementor-column elementor-col-25 elementor-inner-column elementor-element elementor-element-ae05141\" data-id=\"ae05141\" data-element_type=\"column\" data-settings=\"{&quot;background_background&quot;:&quot;classic&quot;}\">\n\t\t\t<div class=\"elementor-widget-wrap elementor-element-populated\">\n\t\t\t\t\t\t<div class=\"elementor-element elementor-element-b1543ff elementor-widget elementor-widget-heading\" data-id=\"b1543ff\" data-element_type=\"widget\" data-widget_type=\"heading.default\">\n\t\t\t\t<div class=\"elementor-widget-container\">\n\t\t\t\t\t<h2 class=\"elementor-heading-title elementor-size-default\">macenas - 18 L\u00f6cher\n<\/h2>\t\t\t\t<\/div>\n\t\t\t\t<\/div>\n\t\t\t\t<div class=\"elementor-element elementor-element-eaffbbe elementor-widget elementor-widget-text-editor\" data-id=\"eaffbbe\" data-element_type=\"widget\" data-widget_type=\"text-editor.default\">\n\t\t\t\t<div class=\"elementor-widget-container\">\n\t\t\t\t\t\t\t\t\t<p>Es ist das neueste in der Gegend. Es befindet sich in der N\u00e4he des Meeres und wurde entworfen, um eine Herausforderung f\u00fcr Golfer aller Spielst\u00e4rken zu bieten, wobei nat\u00fcrliche Hindernisse eine zus\u00e4tzliche Herausforderung darstellen. <\/p>\t\t\t\t\t\t\t\t<\/div>\n\t\t\t\t<\/div>\n\t\t\t\t\t<\/div>\n\t\t<\/div>\n\t\t\t\t<div class=\"elementor-column elementor-col-25 elementor-inner-column elementor-element elementor-element-114bc14\" data-id=\"114bc14\" data-element_type=\"column\" data-settings=\"{&quot;background_background&quot;:&quot;classic&quot;}\">\n\t\t\t<div class=\"elementor-widget-wrap elementor-element-populated\">\n\t\t\t\t\t\t<div class=\"elementor-element elementor-element-314e584 elementor-widget elementor-widget-heading\" data-id=\"314e584\" data-element_type=\"widget\" data-widget_type=\"heading.default\">\n\t\t\t\t<div class=\"elementor-widget-container\">\n\t\t\t\t\t<h2 class=\"elementor-heading-title elementor-size-default\">desert springs - 18 L\u00f6cher\n<\/h2>\t\t\t\t<\/div>\n\t\t\t\t<\/div>\n\t\t\t\t<div class=\"elementor-element elementor-element-2491500 elementor-widget elementor-widget-text-editor\" data-id=\"2491500\" data-element_type=\"widget\" data-widget_type=\"text-editor.default\">\n\t\t\t\t<div class=\"elementor-widget-container\">\n\t\t\t\t\t\t\t\t\t<p>Toller Golfplatz. Gepflegte Stra\u00dfen schaffen eine einzigartige Atmosph\u00e4re. Von Turre aus sind es ungef\u00e4hr 20 Minuten. Es befindet sich im hinteren Teil von Palomares.   <\/p>\t\t\t\t\t\t\t\t<\/div>\n\t\t\t\t<\/div>\n\t\t\t\t\t<\/div>\n\t\t<\/div>\n\t\t\t\t<div class=\"elementor-column elementor-col-25 elementor-inner-column elementor-element elementor-element-94b8f27\" data-id=\"94b8f27\" data-element_type=\"column\" data-settings=\"{&quot;background_background&quot;:&quot;classic&quot;}\">\n\t\t\t<div class=\"elementor-widget-wrap elementor-element-populated\">\n\t\t\t\t\t\t<div class=\"elementor-element elementor-element-f1d64c2 elementor-widget elementor-widget-heading\" data-id=\"f1d64c2\" data-element_type=\"widget\" data-widget_type=\"heading.default\">\n\t\t\t\t<div class=\"elementor-widget-container\">\n\t\t\t\t\t<h2 class=\"elementor-heading-title elementor-size-default\">Marina de la Torre \u2013<br>18 L\u00f6cher\n<\/h2>\t\t\t\t<\/div>\n\t\t\t\t<\/div>\n\t\t\t\t<div class=\"elementor-element elementor-element-42b32c4 elementor-widget elementor-widget-text-editor\" data-id=\"42b32c4\" data-element_type=\"widget\" data-widget_type=\"text-editor.default\">\n\t\t\t\t<div class=\"elementor-widget-container\">\n\t\t\t\t\t\t\t\t\t<p>Es befindet sich zwischen Moj\u00e1car Playa und Garrucha. Zur Ausstattung geh\u00f6ren ein Restaurant, eine Bar, eine Terrasse, ein Gesch\u00e4ft sowie Einrichtungen und ein Verleih f\u00fcr Kinderwagen. <br>Neun L\u00f6cher f\u00fchren zum Strand und die \u00fcbrigen neun sind hinter dem Berg.<\/p>\t\t\t\t\t\t\t\t<\/div>\n\t\t\t\t<\/div>\n\t\t\t\t\t<\/div>\n\t\t<\/div>\n\t\t\t\t\t<\/div>\n\t\t<\/section>\n\t\t\t\t<section class=\"elementor-section elementor-inner-section elementor-element elementor-element-9acb313 elementor-section-boxed elementor-section-height-default elementor-section-height-default\" data-id=\"9acb313\" data-element_type=\"section\">\n\t\t\t\t\t\t<div class=\"elementor-container elementor-column-gap-default\">\n\t\t\t\t\t<div class=\"elementor-column elementor-col-100 elementor-inner-column elementor-element elementor-element-ada9203\" data-id=\"ada9203\" data-element_type=\"column\">\n\t\t\t<div class=\"elementor-widget-wrap elementor-element-populated\">\n\t\t\t\t\t\t<div class=\"elementor-element elementor-element-5d23ea1 elementor-widget elementor-widget-heading\" data-id=\"5d23ea1\" data-element_type=\"widget\" data-widget_type=\"heading.default\">\n\t\t\t\t<div class=\"elementor-widget-container\">\n\t\t\t\t\t<h2 class=\"elementor-heading-title elementor-size-default\">Tennisclub<\/h2>\t\t\t\t<\/div>\n\t\t\t\t<\/div>\n\t\t\t\t<div class=\"elementor-element elementor-element-e27edc9 elementor-widget elementor-widget-text-editor\" data-id=\"e27edc9\" data-element_type=\"widget\" data-widget_type=\"text-editor.default\">\n\t\t\t\t<div class=\"elementor-widget-container\">\n\t\t\t\t\t\t\t\t\t<p><span style=\"color: #ffffff;\">Um einen Platz zu reservieren, besuchen Sie bitte www.cabreratennisclub.com<\/span><br><span style=\"color: #ffffff;\">Im Club stehen Ihnen Tennisschl\u00e4ger und -b\u00e4lle zur Verf\u00fcgung.<\/span><br><span style=\"color: #ffffff;\">Der Club verlangt aus Sicherheitsgr\u00fcnden und zum Erhalt des Platzes das Tragen geeigneter Sportschuhe.<\/span><br><span style=\"color: #ffffff;\">Bei Fragen oder f\u00fcr weitere Informationen wenden Sie sich bitte an den Clubsekret\u00e4r unter info@cabreratennisclub.com<\/span><\/p>\t\t\t\t\t\t\t\t<\/div>\n\t\t\t\t<\/div>\n\t\t\t\t\t<\/div>\n\t\t<\/div>\n\t\t\t\t\t<\/div>\n\t\t<\/section>\n\t\t\t\t\t<\/div>\n\t\t<\/div>\n\t\t\t\t\t<\/div>\n\t\t<\/section>\n\t\t\t\t<section class=\"elementor-section elementor-top-section elementor-element elementor-element-81e6b55 elementor-section-boxed elementor-section-height-default elementor-section-height-default\" data-id=\"81e6b55\" data-element_type=\"section\">\n\t\t\t\t\t\t<div class=\"elementor-container elementor-column-gap-default\">\n\t\t\t\t\t<div class=\"elementor-column elementor-col-33 elementor-top-column elementor-element elementor-element-4079148\" data-id=\"4079148\" data-element_type=\"column\">\n\t\t\t<div class=\"elementor-widget-wrap elementor-element-populated\">\n\t\t\t\t\t\t<div class=\"elementor-element elementor-element-9e6d87b elementor-widget elementor-widget-heading\" data-id=\"9e6d87b\" data-element_type=\"widget\" data-widget_type=\"heading.default\">\n\t\t\t\t<div class=\"elementor-widget-container\">\n\t\t\t\t\t<h2 class=\"elementor-heading-title elementor-size-default\">Stra\u00dfenl\u00e4den<\/h2>\t\t\t\t<\/div>\n\t\t\t\t<\/div>\n\t\t\t\t<div class=\"elementor-element elementor-element-19fc972 elementor-widget elementor-widget-text-editor\" data-id=\"19fc972\" data-element_type=\"widget\" data-widget_type=\"text-editor.default\">\n\t\t\t\t<div class=\"elementor-widget-container\">\n\t\t\t\t\t\t\t\t\t<p>Diese M\u00e4rkte bieten eine breite Palette von Produkten und Gegenst\u00e4nden an. Einige verkaufen Antiquit\u00e4ten, w\u00e4hrend viele andere typisches Obst und regionale Gem\u00fcse, ebenso wie Kleidung, Schuhe, S\u00fc\u00dfigkeiten, Churros und Brath\u00e4hnchen anbieten.<\/p>\t\t\t\t\t\t\t\t<\/div>\n\t\t\t\t<\/div>\n\t\t\t\t\t<\/div>\n\t\t<\/div>\n\t\t\t\t<div class=\"elementor-column elementor-col-33 elementor-top-column elementor-element elementor-element-bc0e28b\" data-id=\"bc0e28b\" data-element_type=\"column\">\n\t\t\t<div class=\"elementor-widget-wrap elementor-element-populated\">\n\t\t\t\t\t\t<div class=\"elementor-element elementor-element-653a802 elementor-widget elementor-widget-heading\" data-id=\"653a802\" data-element_type=\"widget\" data-widget_type=\"heading.default\">\n\t\t\t\t<div class=\"elementor-widget-container\">\n\t\t\t\t\t<h2 class=\"elementor-heading-title elementor-size-default\">lokale M\u00e4rkte<\/h2>\t\t\t\t<\/div>\n\t\t\t\t<\/div>\n\t\t\t\t<div class=\"elementor-element elementor-element-aaaa34e elementor-widget elementor-widget-text-editor\" data-id=\"aaaa34e\" data-element_type=\"widget\" data-widget_type=\"text-editor.default\">\n\t\t\t\t<div class=\"elementor-widget-container\">\n\t\t\t\t\t\t\t\t\t<p>Von 9:00 bis 13:00 Uhr<br>Montag: Antas, Hu\u00e9rcal-Overa<br>Dienstag: Cuevas del Almanzora, Albox und Los Gallardos<br>Mittwoch: Moj\u00e1car, B\u00e9dar<br>Donnerstag: Cuevas del Almanzora, Carboneras<br>Freitag: Garrucha, Turre<br>Samstag: Vera, Oria<br>Sonntag: Moj\u00e1car Pueblo, Villaricos<\/p>\t\t\t\t\t\t\t\t<\/div>\n\t\t\t\t<\/div>\n\t\t\t\t\t<\/div>\n\t\t<\/div>\n\t\t\t\t<div class=\"elementor-column elementor-col-33 elementor-top-column elementor-element elementor-element-293e54b\" data-id=\"293e54b\" data-element_type=\"column\">\n\t\t\t<div class=\"elementor-widget-wrap elementor-element-populated\">\n\t\t\t\t\t\t<div class=\"elementor-element elementor-element-d2dd2ca elementor-widget elementor-widget-heading\" data-id=\"d2dd2ca\" data-element_type=\"widget\" data-widget_type=\"heading.default\">\n\t\t\t\t<div class=\"elementor-widget-container\">\n\t\t\t\t\t<h2 class=\"elementor-heading-title elementor-size-default\">Bogenbar<\/h2>\t\t\t\t<\/div>\n\t\t\t\t<\/div>\n\t\t\t\t<div class=\"elementor-element elementor-element-94ab28d elementor-widget elementor-widget-text-editor\" data-id=\"94ab28d\" data-element_type=\"widget\" data-widget_type=\"text-editor.default\">\n\t\t\t\t<div class=\"elementor-widget-container\">\n\t\t\t\t\t\t\t\t\t<p>Die Bar El Arco befindet sich unter dem Bogen des Hauptplatzes von Cabrera. Entspannen Sie sich auf der Terrasse der Bar mit Blick auf die Berge an diesem ruhigen und bekannten Ort. Es werden Fr\u00fchst\u00fcck, verschiedene Tapas und ein Tagesmen\u00fc angeboten. Besonders erw\u00e4hnenswert ist die M\u00f6glichkeit, Paella oder andere traditionelle Gerichte zum Mitnehmen zu kaufen \u2013 sie werden in einer traditionellen Pfanne zubereitet, sodass Sie sie auf der Terrasse Ihrer Villa genie\u00dfen k\u00f6nnen. <\/p>\t\t\t\t\t\t\t\t<\/div>\n\t\t\t\t<\/div>\n\t\t\t\t\t<\/div>\n\t\t<\/div>\n\t\t\t\t\t<\/div>\n\t\t<\/section>\n\t\t\t\t<\/div>\n\t\t","protected":false},"excerpt":{"rendered":"<p>Die Lage andalusie Sie reisen nach Andalusien vor allem f\u00fcr das ausgezeichnete lokale Essen und die sonnigen Tage. Die St\u00e4dte hier r\u00fchmen sich eines beeindruckenden kulturellen Erbes, darunter mehrerer UNESCO-Welterbest\u00e4tten. Sie k\u00f6nnten sich f\u00fcr Orte wie die Puente Nuevo in Ronda, den Alc\u00e1zar in Sevilla und die Alhambra in Granada interessieren. Ein weiterer gro\u00dfer Anziehungspunkt [&hellip;]<\/p>\n","protected":false},"author":2,"featured_media":0,"parent":0,"menu_order":0,"comment_status":"closed","ping_status":"closed","template":"elementor_header_footer","meta":{"footnotes":""},"class_list":["post-13260","page","type-page","status-publish","hentry"],"yoast_head":"<!-- This site is optimized with the Yoast SEO plugin v25.8 - https:\/\/yoast.com\/wordpress\/plugins\/seo\/ -->\n<title>Die Lage - Sieravillas.es<\/title>\n<meta name=\"description\" content=\"Entdecken Sie die Sch\u00f6nheit von Sierra Villas - Der ideale Ort f\u00fcr Ihren luxuri\u00f6sen Urlaub in Spanien.\" \/>\n<meta name=\"robots\" content=\"index, follow, max-snippet:-1, max-image-preview:large, max-video-preview:-1\" \/>\n<link rel=\"canonical\" href=\"https:\/\/sierravillas.es\/de\/die-lage\/\" \/>\n<meta property=\"og:locale\" content=\"de_DE\" \/>\n<meta property=\"og:type\" content=\"article\" \/>\n<meta property=\"og:title\" content=\"Die Lage - Sieravillas.es\" \/>\n<meta property=\"og:description\" content=\"Entdecken Sie die Sch\u00f6nheit von Sierra Villas - Der ideale Ort f\u00fcr Ihren luxuri\u00f6sen Urlaub in Spanien.\" \/>\n<meta property=\"og:url\" content=\"https:\/\/sierravillas.es\/de\/die-lage\/\" \/>\n<meta property=\"og:site_name\" content=\"Sieravillas.es\" \/>\n<meta property=\"article:modified_time\" content=\"2026-04-02T12:51:24+00:00\" \/>\n<meta property=\"og:image\" content=\"https:\/\/sierravillas.es\/wp-content\/uploads\/2023\/09\/Andalusie-min-scaled-e1694505708246.webp\" \/>\n\t<meta property=\"og:image:width\" content=\"954\" \/>\n\t<meta property=\"og:image:height\" content=\"576\" \/>\n\t<meta property=\"og:image:type\" content=\"image\/webp\" \/>\n<meta name=\"twitter:card\" content=\"summary_large_image\" \/>\n<meta name=\"twitter:label1\" content=\"Gesch\u00e4tzte Lesezeit\" \/>\n\t<meta name=\"twitter:data1\" content=\"12\u00a0Minuten\" \/>\n<script type=\"application\/ld+json\" class=\"yoast-schema-graph\">{\"@context\":\"https:\/\/schema.org\",\"@graph\":[{\"@type\":\"WebPage\",\"@id\":\"https:\/\/sierravillas.es\/de\/die-lage\/\",\"url\":\"https:\/\/sierravillas.es\/de\/die-lage\/\",\"name\":\"Die Lage - Sieravillas.es\",\"isPartOf\":{\"@id\":\"https:\/\/sierravillas.es\/#website\"},\"primaryImageOfPage\":{\"@id\":\"https:\/\/sierravillas.es\/de\/die-lage\/#primaryimage\"},\"image\":{\"@id\":\"https:\/\/sierravillas.es\/de\/die-lage\/#primaryimage\"},\"thumbnailUrl\":\"https:\/\/sierravillas.es\/wp-content\/uploads\/2023\/09\/Andalusie-min-1024x576.webp\",\"datePublished\":\"2023-05-22T07:28:11+00:00\",\"dateModified\":\"2026-04-02T12:51:24+00:00\",\"description\":\"Entdecken Sie die Sch\u00f6nheit von Sierra Villas - Der ideale Ort f\u00fcr Ihren luxuri\u00f6sen Urlaub in Spanien.\",\"breadcrumb\":{\"@id\":\"https:\/\/sierravillas.es\/de\/die-lage\/#breadcrumb\"},\"inLanguage\":\"de\",\"potentialAction\":[{\"@type\":\"ReadAction\",\"target\":[\"https:\/\/sierravillas.es\/de\/die-lage\/\"]}]},{\"@type\":\"ImageObject\",\"inLanguage\":\"de\",\"@id\":\"https:\/\/sierravillas.es\/de\/die-lage\/#primaryimage\",\"url\":\"https:\/\/sierravillas.es\/wp-content\/uploads\/2023\/09\/Andalusie-min-1024x576.webp\",\"contentUrl\":\"https:\/\/sierravillas.es\/wp-content\/uploads\/2023\/09\/Andalusie-min-1024x576.webp\"},{\"@type\":\"BreadcrumbList\",\"@id\":\"https:\/\/sierravillas.es\/de\/die-lage\/#breadcrumb\",\"itemListElement\":[{\"@type\":\"ListItem\",\"position\":1,\"name\":\"Dom\u016f\",\"item\":\"https:\/\/sierravillas.es\/de\/startseite\/\"},{\"@type\":\"ListItem\",\"position\":2,\"name\":\"Die Lage\"}]},{\"@type\":\"WebSite\",\"@id\":\"https:\/\/sierravillas.es\/#website\",\"url\":\"https:\/\/sierravillas.es\/\",\"name\":\"Sieravillas.es\",\"description\":\"Villa\",\"alternateName\":\"luxusn\u00ed \u0161pan\u011blsk\u00e1 rezidence s v\u00fdhledem na mo\u0159e\",\"potentialAction\":[{\"@type\":\"SearchAction\",\"target\":{\"@type\":\"EntryPoint\",\"urlTemplate\":\"https:\/\/sierravillas.es\/?s={search_term_string}\"},\"query-input\":{\"@type\":\"PropertyValueSpecification\",\"valueRequired\":true,\"valueName\":\"search_term_string\"}}],\"inLanguage\":\"de\"}]}<\/script>\n<!-- \/ Yoast SEO plugin. -->","yoast_head_json":{"title":"Die Lage - Sieravillas.es","description":"Entdecken Sie die Sch\u00f6nheit von Sierra Villas - Der ideale Ort f\u00fcr Ihren luxuri\u00f6sen Urlaub in Spanien.","robots":{"index":"index","follow":"follow","max-snippet":"max-snippet:-1","max-image-preview":"max-image-preview:large","max-video-preview":"max-video-preview:-1"},"canonical":"https:\/\/sierravillas.es\/de\/die-lage\/","og_locale":"de_DE","og_type":"article","og_title":"Die Lage - Sieravillas.es","og_description":"Entdecken Sie die Sch\u00f6nheit von Sierra Villas - Der ideale Ort f\u00fcr Ihren luxuri\u00f6sen Urlaub in Spanien.","og_url":"https:\/\/sierravillas.es\/de\/die-lage\/","og_site_name":"Sieravillas.es","article_modified_time":"2026-04-02T12:51:24+00:00","og_image":[{"width":954,"height":576,"url":"https:\/\/sierravillas.es\/wp-content\/uploads\/2023\/09\/Andalusie-min-scaled-e1694505708246.webp","type":"image\/webp"}],"twitter_card":"summary_large_image","twitter_misc":{"Gesch\u00e4tzte Lesezeit":"12\u00a0Minuten"},"schema":{"@context":"https:\/\/schema.org","@graph":[{"@type":"WebPage","@id":"https:\/\/sierravillas.es\/de\/die-lage\/","url":"https:\/\/sierravillas.es\/de\/die-lage\/","name":"Die Lage - Sieravillas.es","isPartOf":{"@id":"https:\/\/sierravillas.es\/#website"},"primaryImageOfPage":{"@id":"https:\/\/sierravillas.es\/de\/die-lage\/#primaryimage"},"image":{"@id":"https:\/\/sierravillas.es\/de\/die-lage\/#primaryimage"},"thumbnailUrl":"https:\/\/sierravillas.es\/wp-content\/uploads\/2023\/09\/Andalusie-min-1024x576.webp","datePublished":"2023-05-22T07:28:11+00:00","dateModified":"2026-04-02T12:51:24+00:00","description":"Entdecken Sie die Sch\u00f6nheit von Sierra Villas - Der ideale Ort f\u00fcr Ihren luxuri\u00f6sen Urlaub in Spanien.","breadcrumb":{"@id":"https:\/\/sierravillas.es\/de\/die-lage\/#breadcrumb"},"inLanguage":"de","potentialAction":[{"@type":"ReadAction","target":["https:\/\/sierravillas.es\/de\/die-lage\/"]}]},{"@type":"ImageObject","inLanguage":"de","@id":"https:\/\/sierravillas.es\/de\/die-lage\/#primaryimage","url":"https:\/\/sierravillas.es\/wp-content\/uploads\/2023\/09\/Andalusie-min-1024x576.webp","contentUrl":"https:\/\/sierravillas.es\/wp-content\/uploads\/2023\/09\/Andalusie-min-1024x576.webp"},{"@type":"BreadcrumbList","@id":"https:\/\/sierravillas.es\/de\/die-lage\/#breadcrumb","itemListElement":[{"@type":"ListItem","position":1,"name":"Dom\u016f","item":"https:\/\/sierravillas.es\/de\/startseite\/"},{"@type":"ListItem","position":2,"name":"Die Lage"}]},{"@type":"WebSite","@id":"https:\/\/sierravillas.es\/#website","url":"https:\/\/sierravillas.es\/","name":"Sieravillas.es","description":"Villa","alternateName":"luxusn\u00ed \u0161pan\u011blsk\u00e1 rezidence s v\u00fdhledem na mo\u0159e","potentialAction":[{"@type":"SearchAction","target":{"@type":"EntryPoint","urlTemplate":"https:\/\/sierravillas.es\/?s={search_term_string}"},"query-input":{"@type":"PropertyValueSpecification","valueRequired":true,"valueName":"search_term_string"}}],"inLanguage":"de"}]}},"_links":{"self":[{"href":"https:\/\/sierravillas.es\/de\/wp-json\/wp\/v2\/pages\/13260","targetHints":{"allow":["GET"]}}],"collection":[{"href":"https:\/\/sierravillas.es\/de\/wp-json\/wp\/v2\/pages"}],"about":[{"href":"https:\/\/sierravillas.es\/de\/wp-json\/wp\/v2\/types\/page"}],"author":[{"embeddable":true,"href":"https:\/\/sierravillas.es\/de\/wp-json\/wp\/v2\/users\/2"}],"replies":[{"embeddable":true,"href":"https:\/\/sierravillas.es\/de\/wp-json\/wp\/v2\/comments?post=13260"}],"version-history":[{"count":17,"href":"https:\/\/sierravillas.es\/de\/wp-json\/wp\/v2\/pages\/13260\/revisions"}],"predecessor-version":[{"id":14152,"href":"https:\/\/sierravillas.es\/de\/wp-json\/wp\/v2\/pages\/13260\/revisions\/14152"}],"wp:attachment":[{"href":"https:\/\/sierravillas.es\/de\/wp-json\/wp\/v2\/media?parent=13260"}],"curies":[{"name":"wp","href":"https:\/\/api.w.org\/{rel}","templated":true}]}}